{"id":2758,"date":"2023-03-20T11:00:28","date_gmt":"2023-03-20T11:00:28","guid":{"rendered":"http:\/\/capilart.pt\/transplante-capilar\/"},"modified":"2023-09-18T17:49:58","modified_gmt":"2023-09-18T17:49:58","slug":"transplante-capilar","status":"publish","type":"page","link":"https:\/\/capilart.pt\/fr\/transplante-capilar\/","title":{"rendered":"Greffe de cheveux"},"content":{"rendered":"\t\t<div data-elementor-type=\"wp-page\" data-elementor-id=\"2758\" class=\"elementor elementor-2758\" data-elementor-post-type=\"page\">\n\t\t\t\t\t\t<section class=\"has_ma_el_bg_slider elementor-section elementor-top-section elementor-element elementor-element-dc3f6df elementor-section-full_width elementor-section-height-min-height elementor-section-height-default elementor-section-items-middle jltma-glass-effect-no\" data-id=\"dc3f6df\" data-element_type=\"section\" data-settings=\"{&quot;background_background&quot;:&quot;classic&quot;}\">\r\n\t\t\t\t\t\t<div class=\"elementor-container elementor-column-gap-no\"><div class=\"elementor-row\">\r\n\t\t\t\t\t<div class=\"has_ma_el_bg_slider elementor-column elementor-col-100 elementor-top-column elementor-element elementor-element-cd9b610 jltma-glass-effect-no\" data-id=\"cd9b610\" data-element_type=\"column\">\n\t\t\t<div class=\"elementor-widget-wrap elementor-element-populated\">\n\t\t\t\t\t\t<div class=\"elementor-element elementor-element-230aea0 flex-horizontal-align-default flex-horizontal-align-tablet-default flex-horizontal-align-mobile-default flex-vertical-align-default flex-vertical-align-tablet-default flex-vertical-align-mobile-default jltma-glass-effect-no elementor-widget elementor-widget-heading\" data-id=\"230aea0\" data-element_type=\"widget\" data-widget_type=\"heading.default\">\n\t\t\t\t<div class=\"elementor-widget-container\">\n\t\t\t\t\t<p class=\"elementor-heading-title elementor-size-default\"><a href=\"#\">Greffe de cheveux<\/a><\/p>\t\t\t\t<\/div>\n\t\t\t\t<\/div>\n\t\t\t\t<div class=\"elementor-element elementor-element-80a4f16 elementor-widget-divider--view-line flex-horizontal-align-default flex-horizontal-align-tablet-default flex-horizontal-align-mobile-default flex-vertical-align-default flex-vertical-align-tablet-default flex-vertical-align-mobile-default jltma-glass-effect-no elementor-widget elementor-widget-divider\" data-id=\"80a4f16\" data-element_type=\"widget\" data-widget_type=\"divider.default\">\n\t\t\t\t<div class=\"elementor-widget-container\">\n\t\t\t\t\t\t\t<div class=\"elementor-divider\">\n\t\t\t<span class=\"elementor-divider-separator\">\n\t\t\t\t\t\t<\/span>\n\t\t<\/div>\n\t\t\t\t\t\t<\/div>\n\t\t\t\t<\/div>\n\t\t\t\t\t<\/div>\n\t\t<\/div>\n\t\t\t\t\t<\/div><\/div>\r\n\t\t<\/section>\r\n\t\t\t\t<main class=\"has_ma_el_bg_slider elementor-section elementor-top-section elementor-element elementor-element-5ef093d elementor-section-content-middle elementor-section-boxed elementor-section-height-default elementor-section-height-default jltma-glass-effect-no\" data-id=\"5ef093d\" data-element_type=\"section\" data-settings=\"{&quot;background_background&quot;:&quot;classic&quot;}\">\r\n\t\t\t\t\t\t<div class=\"elementor-container elementor-column-gap-thegem\"><div class=\"elementor-row\">\r\n\t\t\t\t\t<div class=\"has_ma_el_bg_slider elementor-column elementor-col-50 elementor-top-column elementor-element elementor-element-b3f854e jltma-glass-effect-no\" data-id=\"b3f854e\" data-element_type=\"column\">\n\t\t\t<div class=\"elementor-widget-wrap elementor-element-populated\">\n\t\t\t\t\t\t<div class=\"elementor-element elementor-element-a081f3f flex-horizontal-align-default flex-horizontal-align-tablet-default flex-horizontal-align-mobile-default flex-vertical-align-default flex-vertical-align-tablet-default flex-vertical-align-mobile-default jltma-glass-effect-no elementor-invisible elementor-widget elementor-widget-heading\" data-id=\"a081f3f\" data-element_type=\"widget\" data-settings=\"{&quot;_animation&quot;:&quot;zoomIn&quot;}\" data-widget_type=\"heading.default\">\n\t\t\t\t<div class=\"elementor-widget-container\">\n\t\t\t\t\t<div class=\"default elementor-heading-title elementor-size-default\">FUE Technique<\/div>\t\t\t\t<\/div>\n\t\t\t\t<\/div>\n\t\t\t\t<div class=\"elementor-element elementor-element-22cc9f4 flex-horizontal-align-default flex-horizontal-align-tablet-default flex-horizontal-align-mobile-default flex-vertical-align-default flex-vertical-align-tablet-default flex-vertical-align-mobile-default jltma-glass-effect-no elementor-invisible elementor-widget elementor-widget-text-editor\" data-id=\"22cc9f4\" data-element_type=\"widget\" data-settings=\"{&quot;_animation&quot;:&quot;zoomIn&quot;}\" data-widget_type=\"text-editor.default\">\n\t\t\t\t<div class=\"elementor-widget-container\">\n\t\t\t\t\t\t\t\t\t\t\t\t<div class=\"elementor-text-editor elementor-clearfix\">\r\n\t\t\t\t\t\t<p>Dans les situations o\u00f9 l\u2019alop\u00e9cie devient irr\u00e9versible, seule la greffe de cheveux permet de restaurer la densit\u00e9 capillaire des zones touch\u00e9es, o\u00f9 les unit\u00e9s folliculaires ne sont plus en mesure de produire des m\u00e8ches de cheveux saines. Cette intervention chirurgicale mini-invasive consiste \u00e0 transf\u00e9rer des unit\u00e9s folliculaires saines d\u2019une zone non affect\u00e9e par la chute (zone donneuse) vers une zone de densit\u00e9 capillaire plus faible (zone receveuse), afin de restaurer un aspect naturel et d\u2019am\u00e9liorer la densit\u00e9 capillaire.<\/p><p>La technique FUE (Follicular Unit Extraction) est une m\u00e9thode innovante, m\u00e9ticuleuse et pr\u00e9cise dans laquelle les follicules pileux sont extraits et implant\u00e9s individuellement. Cette technique offre l\u2019avantage de ne pas laisser de cicatrices lin\u00e9aires visibles, ce qui permet une r\u00e9cup\u00e9ration plus rapide et des r\u00e9sultats esth\u00e9tiquement satisfaisants.<\/p><p>Environ 4 mois apr\u00e8s la chirurgie, les cheveux transplant\u00e9s commencent \u00e0 pousser et deviennent d\u00e9finitifs pour le reste de la vie du patient. \u00c9tant une proc\u00e9dure extr\u00eamement approfondie, elle doit \u00eatre effectu\u00e9e par une \u00e9quipe hautement sp\u00e9cialis\u00e9e et exp\u00e9riment\u00e9e.<\/p>\t\t\t\t\t\t\t<\/div>\r\n\t\t\t\t\t\t\t\t\t\t<\/div>\n\t\t\t\t<\/div>\n\t\t\t\t\t<\/div>\n\t\t<\/div>\n\t\t\t\t<div class=\"has_ma_el_bg_slider elementor-column elementor-col-50 elementor-top-column elementor-element elementor-element-55748ff jltma-glass-effect-no\" data-id=\"55748ff\" data-element_type=\"column\">\n\t\t\t<div class=\"elementor-widget-wrap elementor-element-populated\">\n\t\t\t\t\t\t<div class=\"elementor-element elementor-element-794f8d4 flex-horizontal-align-default flex-horizontal-align-tablet-default flex-horizontal-align-mobile-default flex-vertical-align-default flex-vertical-align-tablet-default flex-vertical-align-mobile-default jltma-glass-effect-no elementor-invisible elementor-widget elementor-widget-image\" data-id=\"794f8d4\" data-element_type=\"widget\" data-settings=\"{&quot;_animation&quot;:&quot;zoomIn&quot;}\" data-widget_type=\"image.default\">\n\t\t\t\t<div class=\"elementor-widget-container\">\n\t\t\t\t\t\t\t\t\t\t\t\t\t\t\t<img width=\"1080\" height=\"1098\" src=\"https:\/\/capilart.pt\/wp-content\/uploads\/2023\/06\/transplante.jpg\" class=\"attachment-full size-full wp-image-2413\" alt=\"\" srcset=\"https:\/\/capilart.pt\/wp-content\/uploads\/2023\/06\/transplante.jpg 1080w, https:\/\/capilart.pt\/wp-content\/uploads\/2023\/06\/transplante-295x300.jpg 295w, https:\/\/capilart.pt\/wp-content\/uploads\/2023\/06\/transplante-1007x1024.jpg 1007w, https:\/\/capilart.pt\/wp-content\/uploads\/2023\/06\/transplante-768x781.jpg 768w\" sizes=\"(max-width: 1080px) 100vw, 1080px\" \/>\t\t\t\t\t\t\t\t\t\t\t\t\t\t\t<\/div>\n\t\t\t\t<\/div>\n\t\t\t\t\t<\/div>\n\t\t<\/div>\n\t\t\t\t\t<\/div><\/div>\r\n\t\t<\/main>\r\n\t\t\t\t<section class=\"has_ma_el_bg_slider elementor-section elementor-top-section elementor-element elementor-element-7673fe0 elementor-hidden-desktop elementor-hidden-tablet elementor-hidden-mobile elementor-section-boxed elementor-section-height-default elementor-section-height-default jltma-glass-effect-no\" data-id=\"7673fe0\" data-element_type=\"section\" data-settings=\"{&quot;background_background&quot;:&quot;classic&quot;,&quot;thegem_parallax_activate&quot;:&quot;yes&quot;,&quot;thegem_parallax_type&quot;:&quot;vertical&quot;}\">\r\n\t\t\t\t\t\t<div class=\"elementor-container elementor-column-gap-thegem\"><div class=\"elementor-row\">\r\n\t\t\t\t\t<div class=\"has_ma_el_bg_slider elementor-column elementor-col-100 elementor-top-column elementor-element elementor-element-a1db0bc jltma-glass-effect-no\" data-id=\"a1db0bc\" data-element_type=\"column\">\n\t\t\t<div class=\"elementor-widget-wrap elementor-element-populated\">\n\t\t\t\t\t\t<div class=\"elementor-element elementor-element-d88ed01 flex-horizontal-align-default flex-horizontal-align-tablet-default flex-horizontal-align-mobile-default flex-vertical-align-default flex-vertical-align-tablet-default flex-vertical-align-mobile-default jltma-glass-effect-no elementor-invisible elementor-widget elementor-widget-thegem-testimonials\" data-id=\"d88ed01\" data-element_type=\"widget\" data-settings=\"{&quot;_animation&quot;:&quot;zoomIn&quot;,&quot;skin_source&quot;:&quot;default&quot;,&quot;thegem_elementor_preset&quot;:&quot;style1&quot;,&quot;content_testimonials_cat&quot;:&quot;all&quot;,&quot;content_elems_name&quot;:&quot;yes&quot;,&quot;content_elems_quote&quot;:&quot;yes&quot;}\" data-widget_type=\"thegem-testimonials.default\">\n\t\t\t\t<div class=\"elementor-widget-container\">\n\t\t\t\t\t\n\t\t\t<div class=\"preloader\">\n\t\t\t\t<div class=\"preloader-spin\"><\/div>\n\t\t\t<\/div>\n\t\t\t\n\t\t\t<div class=\"style1 gem-testimonials\n\t\t\t\t\t\t\"\n\t\t\t data-autoscroll=5000 >\n\t\t\t\n\t\t\t \n\t\t\t\t<style>.gem-testimonials-navigation{display: none;}<\/style>\n\t\t\t\n\t\t\t\t\n<div id=\"post-92\" class=\"gem-testimonial-item post-92 thegem_testimonial type-thegem_testimonial status-publish\">\n\t\t\t<div class=\"gem-testimonial-wrapper  \">\n\n\t\t\t\n\t\t\t<div class=\"gem-testimonial-content\">\n\n\t\t\t\t\t\t\t<div class=\"gem-testimonial-name title-h6\">Daniel Cruz<\/div>\t\t\t\n\t\t\t\n\t\t\t\n\t\t\t\t<div class=\"gem-testimonial-text\">\n\t\t\t\t\t<p>5 estrelas ! A CAPILART tem os servi\u00e7os excepcionais. Super atenciosos, muito dedicados, toda a equipa m\u00e9dica muito profissional e sempre dispon\u00edvel ,um bem haja \u00e1 Dr.Tania por todo o carinho e aten\u00e7\u00e3o, das melhores profissionais que tive muito gosto em conhecer. Fiz o meu implante com eles e correu tudo super bem, n\u00e3o senti dor em nenhum momento, n\u00e3o fiquei inchado, a recupera\u00e7\u00e3o foi muito boa, todas as indica\u00e7\u00f5es dadas pela doutora segui \u00e1 risca e correu tudo super bem. Recomendo estes servi\u00e7os, v\u00e3o ser melhor atendidos nesta clinica do que em qualquer outra. Muito obrigado por todo o profissionalismo !<\/p>\n\t\t\t\t<\/div>\n\t\t\t<\/div>\n\t<\/div>\n\n\t<\/div>\n<div id=\"post-95\" class=\"gem-testimonial-item post-95 thegem_testimonial type-thegem_testimonial status-publish\">\n\t\t\t<div class=\"gem-testimonial-wrapper  \">\n\n\t\t\t\n\t\t\t<div class=\"gem-testimonial-content\">\n\n\t\t\t\t\t\t\t<div class=\"gem-testimonial-name title-h6\">Andr\u00e9 Costa<\/div>\t\t\t\n\t\t\t\n\t\t\t\n\t\t\t\t<div class=\"gem-testimonial-text\">\n\t\t\t\t\t<div>\n<div class=\"OA1nbd\">Obrigado, obrigado, obrigado. Ap\u00f3s uma tentativa mal sucedida numa empresa concorrente de transplantes capilares descobri a Dr\u00aa T\u00e2nia da Capilart que me conseguiu resolver as entradas que eu tinha. Obrigado pela ajuda. Recomendo a toda a gente sem d\u00favida \ud83d\ude09<\/div>\n<\/div>\n\t\t\t\t<\/div>\n\t\t\t<\/div>\n\t<\/div>\n\n\t<\/div>\n<div id=\"post-1222\" class=\"gem-testimonial-item post-1222 thegem_testimonial type-thegem_testimonial status-publish\">\n\t\t\t<div class=\"gem-testimonial-wrapper  \">\n\n\t\t\t\n\t\t\t<div class=\"gem-testimonial-content\">\n\n\t\t\t\t\t\t\t<div class=\"gem-testimonial-name title-h6\">Sofia Matos<\/div>\t\t\t\n\t\t\t\n\t\t\t\n\t\t\t\t<div class=\"gem-testimonial-text\">\n\t\t\t\t\t<div>\n<div class=\"OA1nbd\">5 estrelas! A Capilart tem servi\u00e7os excepcionais . A equipa foi profissional, atenciosa e sempre dispon\u00edvel para responder \u00e0s minhas perguntas. Um bem haja especialmente \u00e0 Dra T\u00e2nia Data Recomendo fortemente seus servi\u00e7os!<\/div>\n<\/div>\n\t\t\t\t<\/div>\n\t\t\t<\/div>\n\t<\/div>\n\n\t<\/div>\n\t\t\t\t\t\t\t\t\t<div class=\"testimonials_svg\"><svg width=\"100\" height=\"50\"><path d=\"M 0,-1 Q 45,5 50,50 Q 55,5 100,-1\" \/><\/svg><\/div>\n\t\t\t\t\n\t\t\t<\/div>\n\n\t\t\t \n\n\n\n\t\t\t\t\t\t<\/div>\n\t\t\t\t<\/div>\n\t\t\t\t\t<\/div>\n\t\t<\/div>\n\t\t\t\t\t<\/div><\/div>\r\n\t\t<\/section>\r\n\t\t\t\t<main class=\"has_ma_el_bg_slider elementor-section elementor-top-section elementor-element elementor-element-238c66e elementor-reverse-tablet elementor-reverse-mobile elementor-section-content-middle elementor-section-boxed elementor-section-height-default elementor-section-height-default jltma-glass-effect-no\" data-id=\"238c66e\" data-element_type=\"section\" data-settings=\"{&quot;background_background&quot;:&quot;classic&quot;}\">\r\n\t\t\t\t\t\t<div class=\"elementor-container elementor-column-gap-thegem\"><div class=\"elementor-row\">\r\n\t\t\t\t\t<div class=\"has_ma_el_bg_slider elementor-column elementor-col-50 elementor-top-column elementor-element elementor-element-4b87660 jltma-glass-effect-no\" data-id=\"4b87660\" data-element_type=\"column\">\n\t\t\t<div class=\"elementor-widget-wrap elementor-element-populated\">\n\t\t\t\t\t\t<div class=\"elementor-element elementor-element-e5deece flex-horizontal-align-default flex-horizontal-align-tablet-default flex-horizontal-align-mobile-default flex-vertical-align-default flex-vertical-align-tablet-default flex-vertical-align-mobile-default jltma-glass-effect-no elementor-invisible elementor-widget elementor-widget-image\" data-id=\"e5deece\" data-element_type=\"widget\" data-settings=\"{&quot;_animation&quot;:&quot;zoomIn&quot;}\" data-widget_type=\"image.default\">\n\t\t\t\t<div class=\"elementor-widget-container\">\n\t\t\t\t\t\t\t\t\t\t\t\t\t\t\t<img width=\"883\" height=\"1080\" src=\"https:\/\/capilart.pt\/wp-content\/uploads\/2023\/03\/perguntas.jpg\" class=\"attachment-full size-full wp-image-1482\" alt=\"\" srcset=\"https:\/\/capilart.pt\/wp-content\/uploads\/2023\/03\/perguntas.jpg 883w, https:\/\/capilart.pt\/wp-content\/uploads\/2023\/03\/perguntas-245x300.jpg 245w, https:\/\/capilart.pt\/wp-content\/uploads\/2023\/03\/perguntas-837x1024.jpg 837w, https:\/\/capilart.pt\/wp-content\/uploads\/2023\/03\/perguntas-768x939.jpg 768w\" sizes=\"(max-width: 883px) 100vw, 883px\" \/>\t\t\t\t\t\t\t\t\t\t\t\t\t\t\t<\/div>\n\t\t\t\t<\/div>\n\t\t\t\t\t<\/div>\n\t\t<\/div>\n\t\t\t\t<div class=\"has_ma_el_bg_slider elementor-column elementor-col-50 elementor-top-column elementor-element elementor-element-952cbf9 jltma-glass-effect-no\" data-id=\"952cbf9\" data-element_type=\"column\">\n\t\t\t<div class=\"elementor-widget-wrap elementor-element-populated\">\n\t\t\t\t\t\t<div class=\"elementor-element elementor-element-d500c2b flex-horizontal-align-default flex-horizontal-align-tablet-default flex-horizontal-align-mobile-default flex-vertical-align-default flex-vertical-align-tablet-default flex-vertical-align-mobile-default jltma-glass-effect-no elementor-invisible elementor-widget elementor-widget-heading\" data-id=\"d500c2b\" data-element_type=\"widget\" data-settings=\"{&quot;_animation&quot;:&quot;zoomIn&quot;}\" data-widget_type=\"heading.default\">\n\t\t\t\t<div class=\"elementor-widget-container\">\n\t\t\t\t\t<div class=\"default elementor-heading-title elementor-size-default\">FAQ<\/div>\t\t\t\t<\/div>\n\t\t\t\t<\/div>\n\t\t\t\t<div class=\"elementor-element elementor-element-03757ba flex-horizontal-align-default flex-horizontal-align-tablet-default flex-horizontal-align-mobile-default flex-vertical-align-default flex-vertical-align-tablet-default flex-vertical-align-mobile-default jltma-glass-effect-no elementor-invisible elementor-widget elementor-widget-ma-advanced-accordion\" data-id=\"03757ba\" data-element_type=\"widget\" data-settings=\"{&quot;_animation&quot;:&quot;zoomIn&quot;,&quot;accordion_type&quot;:&quot;accordion&quot;,&quot;toggle_speed&quot;:300}\" data-widget_type=\"ma-advanced-accordion.default\">\n\t\t\t\t<div class=\"elementor-widget-container\">\n\t\t\t\t\t\n\t\t<div class=\"jltma-advanced-accordion\" id=\"jltma-advanced-accordion-03757ba\" data-accordion-id=\"03757ba\" data-accordion-id=\"03757ba\">\n\t\t\t<div class=\"ma-accordion-wrap ma-accordion-icon-align- ma-accordion-03757ba\"\">\n\n\t\t\t\t\n\t\t\t\t\t<div class=\"jltma-accordion-item elementor-repeater-item-2bc6e23 \">\n\t\t\t\t\t\t<div id=\"jltma-accordion-tab-title-3621\" class=\"jltma-accordion-tab-title jltma-accordion-header\" tabindex=\"3621\" data-tab=\"1\" role=\"tab\" aria-controls=\"jltma-accordion-tab-content-3621\">\n\t\t\t\t\t\t\t<div class=\"jltma-accordion-title-icon\">\n\n\t\t\t\t\t\t\t\t\n\t\t\t\t\t\t\t\t<div class=\"jltma-accordion-title-text\">\n\t\t\t\t\t\t\t\t\tLa greffe de cheveux est-elle une proc\u00e9dure s\u00fbre?\t\t\t\t\t\t\t\t<\/div>\n\t\t\t\t\t\t\t<\/div>\n\n\t\t\t\t\t\t\t\t\t\t\t\t\t\t\t\t<span class=\"jltma-accordion-toggle-icon jltma-accordion-tab-icon\">\n\t\t\t\t\t\t\t\t\t\t<i aria-hidden=\"true\" class=\"jltma-el-accordion-icon-closed elementor-icons eicon-minus-square-o\"><\/i><i aria-hidden=\"true\" class=\"jltma-el-accordion-icon-opened elementor-icons eicon-plus-square-o\"><\/i>\t\t\t\t\t\t\t\t\t<\/span>\n\t\t\t\t\t\t\t\t\n\t\t\t\t\t\t<\/div>\n\n\t\t\t\t\t\t<div id=\"jltma-accordion-tab-content-3621\" class=\"jltma-accordion-tab-content\" data-tab=\"1\" role=\"tabpanel\" aria-labelledby=\"jltma-accordion-tab-title-3621\">\n\t\t\t\t\t\t\t<p class=\"p1\">Oui, la greffe de cheveux est consid\u00e9r\u00e9e comme une proc\u00e9dure s\u00fbre lorsqu\u2019elle est effectu\u00e9e par une \u00e9quipe clinique sp\u00e9cialis\u00e9e et exp\u00e9riment\u00e9e. Cependant, comme pour toute chirurgie, il existe des risques et des complications possibles, un suivi m\u00e9dical est donc n\u00e9cessaire tout au long du processus, ainsi qu\u2019une \u00e9valuation approfondie avant l\u2019intervention.<\/p>\t\t\t\t\t\t<\/div>\n\n\t\t\t\t\t<\/div>\n\t\t\t\t\n\t\t\t\t\t<div class=\"jltma-accordion-item elementor-repeater-item-881d912 \">\n\t\t\t\t\t\t<div id=\"jltma-accordion-tab-title-3622\" class=\"jltma-accordion-tab-title jltma-accordion-header\" tabindex=\"3622\" data-tab=\"2\" role=\"tab\" aria-controls=\"jltma-accordion-tab-content-3622\">\n\t\t\t\t\t\t\t<div class=\"jltma-accordion-title-icon\">\n\n\t\t\t\t\t\t\t\t\n\t\t\t\t\t\t\t\t<div class=\"jltma-accordion-title-text\">\n\t\t\t\t\t\t\t\t\tLes femmes peuvent-elles aussi avoir des greffes de cheveux?\t\t\t\t\t\t\t\t<\/div>\n\t\t\t\t\t\t\t<\/div>\n\n\t\t\t\t\t\t\t\t\t\t\t\t\t\t\t\t<span class=\"jltma-accordion-toggle-icon jltma-accordion-tab-icon\">\n\t\t\t\t\t\t\t\t\t\t<i aria-hidden=\"true\" class=\"jltma-el-accordion-icon-closed elementor-icons eicon-minus-square-o\"><\/i><i aria-hidden=\"true\" class=\"jltma-el-accordion-icon-opened elementor-icons eicon-plus-square-o\"><\/i>\t\t\t\t\t\t\t\t\t<\/span>\n\t\t\t\t\t\t\t\t\n\t\t\t\t\t\t<\/div>\n\n\t\t\t\t\t\t<div id=\"jltma-accordion-tab-content-3622\" class=\"jltma-accordion-tab-content\" data-tab=\"2\" role=\"tabpanel\" aria-labelledby=\"jltma-accordion-tab-title-3622\">\n\t\t\t\t\t\t\t<p class=\"p1\">Oui, la greffe de cheveux est \u00e9galement une option pour les femmes souffrant de perte de cheveux. La technique FUE peut \u00eatre utilis\u00e9e chez les hommes et les femmes, \u00e0 condition qu\u2019il existe une zone donneuse appropri\u00e9e pour l\u2019extraction des follicules pileux.<\/p>\t\t\t\t\t\t<\/div>\n\n\t\t\t\t\t<\/div>\n\t\t\t\t\n\t\t\t\t\t<div class=\"jltma-accordion-item elementor-repeater-item-6cfeb93 \">\n\t\t\t\t\t\t<div id=\"jltma-accordion-tab-title-3623\" class=\"jltma-accordion-tab-title jltma-accordion-header\" tabindex=\"3623\" data-tab=\"3\" role=\"tab\" aria-controls=\"jltma-accordion-tab-content-3623\">\n\t\t\t\t\t\t\t<div class=\"jltma-accordion-title-icon\">\n\n\t\t\t\t\t\t\t\t\n\t\t\t\t\t\t\t\t<div class=\"jltma-accordion-title-text\">\n\t\t\t\t\t\t\t\t\tQuelle est la meilleure technique de greffe de cheveux?\t\t\t\t\t\t\t\t<\/div>\n\t\t\t\t\t\t\t<\/div>\n\n\t\t\t\t\t\t\t\t\t\t\t\t\t\t\t\t<span class=\"jltma-accordion-toggle-icon jltma-accordion-tab-icon\">\n\t\t\t\t\t\t\t\t\t\t<i aria-hidden=\"true\" class=\"jltma-el-accordion-icon-closed elementor-icons eicon-minus-square-o\"><\/i><i aria-hidden=\"true\" class=\"jltma-el-accordion-icon-opened elementor-icons eicon-plus-square-o\"><\/i>\t\t\t\t\t\t\t\t\t<\/span>\n\t\t\t\t\t\t\t\t\n\t\t\t\t\t\t<\/div>\n\n\t\t\t\t\t\t<div id=\"jltma-accordion-tab-content-3623\" class=\"jltma-accordion-tab-content\" data-tab=\"3\" role=\"tabpanel\" aria-labelledby=\"jltma-accordion-tab-title-3623\">\n\t\t\t\t\t\t\t<p class=\"p1\">Le choix de la meilleure technique de greffe de cheveux d\u00e9pend des besoins et des caract\u00e9ristiques individuelles de chaque patient. La technique FUE (Follicular Unit Extraction) est, par consensus, la technique la plus avanc\u00e9e et recommand\u00e9e pour obtenir les meilleurs r\u00e9sultats en raison de sa pr\u00e9cision, de son naturel et de sa r\u00e9cup\u00e9ration plus rapide. Combin\u00e9e \u00e0 une \u00e9quipe exp\u00e9riment\u00e9e, cette m\u00e9thode vous permet de transplanter jusqu\u2019\u00e0 5000 unit\u00e9s folliculaires en quelques heures seulement. Cependant, il est important de prendre rendez-vous avec un sp\u00e9cialiste de la greffe de cheveux pour \u00e9valuer votre cas et d\u00e9terminer quelle technique vous convient le mieux.<\/p>\t\t\t\t\t\t<\/div>\n\n\t\t\t\t\t<\/div>\n\t\t\t\t\n\t\t\t\t\t<div class=\"jltma-accordion-item elementor-repeater-item-8b46844 \">\n\t\t\t\t\t\t<div id=\"jltma-accordion-tab-title-3624\" class=\"jltma-accordion-tab-title jltma-accordion-header\" tabindex=\"3624\" data-tab=\"4\" role=\"tab\" aria-controls=\"jltma-accordion-tab-content-3624\">\n\t\t\t\t\t\t\t<div class=\"jltma-accordion-title-icon\">\n\n\t\t\t\t\t\t\t\t\n\t\t\t\t\t\t\t\t<div class=\"jltma-accordion-title-text\">\n\t\t\t\t\t\t\t\t\tLa greffe de cheveux est-elle douloureuse?\t\t\t\t\t\t\t\t<\/div>\n\t\t\t\t\t\t\t<\/div>\n\n\t\t\t\t\t\t\t\t\t\t\t\t\t\t\t\t<span class=\"jltma-accordion-toggle-icon jltma-accordion-tab-icon\">\n\t\t\t\t\t\t\t\t\t\t<i aria-hidden=\"true\" class=\"jltma-el-accordion-icon-closed elementor-icons eicon-minus-square-o\"><\/i><i aria-hidden=\"true\" class=\"jltma-el-accordion-icon-opened elementor-icons eicon-plus-square-o\"><\/i>\t\t\t\t\t\t\t\t\t<\/span>\n\t\t\t\t\t\t\t\t\n\t\t\t\t\t\t<\/div>\n\n\t\t\t\t\t\t<div id=\"jltma-accordion-tab-content-3624\" class=\"jltma-accordion-tab-content\" data-tab=\"4\" role=\"tabpanel\" aria-labelledby=\"jltma-accordion-tab-title-3624\">\n\t\t\t\t\t\t\t<p class=\"p1\">La greffe de cheveux est r\u00e9alis\u00e9e sous anesth\u00e9sie locale et le patient reste \u00e9veill\u00e9 tout au long de la proc\u00e9dure. Bien qu\u2019il puisse y avoir une sensation de picotement pendant l\u2019administration de l\u2019anesth\u00e9sie, la chirurgie elle-m\u00eame est indolore. Dans les jours suivants, il peut y avoir un certain inconfort, qui est facilement contr\u00f4l\u00e9 avec le m\u00e9dicament prescrit.<\/p>\t\t\t\t\t\t<\/div>\n\n\t\t\t\t\t<\/div>\n\t\t\t\t\n\t\t\t\t\t<div class=\"jltma-accordion-item elementor-repeater-item-74671de \">\n\t\t\t\t\t\t<div id=\"jltma-accordion-tab-title-3625\" class=\"jltma-accordion-tab-title jltma-accordion-header\" tabindex=\"3625\" data-tab=\"5\" role=\"tab\" aria-controls=\"jltma-accordion-tab-content-3625\">\n\t\t\t\t\t\t\t<div class=\"jltma-accordion-title-icon\">\n\n\t\t\t\t\t\t\t\t\n\t\t\t\t\t\t\t\t<div class=\"jltma-accordion-title-text\">\n\t\t\t\t\t\t\t\t\tComment se passe la r\u00e9cup\u00e9ration apr\u00e8s une greffe de cheveux?\t\t\t\t\t\t\t\t<\/div>\n\t\t\t\t\t\t\t<\/div>\n\n\t\t\t\t\t\t\t\t\t\t\t\t\t\t\t\t<span class=\"jltma-accordion-toggle-icon jltma-accordion-tab-icon\">\n\t\t\t\t\t\t\t\t\t\t<i aria-hidden=\"true\" class=\"jltma-el-accordion-icon-closed elementor-icons eicon-minus-square-o\"><\/i><i aria-hidden=\"true\" class=\"jltma-el-accordion-icon-opened elementor-icons eicon-plus-square-o\"><\/i>\t\t\t\t\t\t\t\t\t<\/span>\n\t\t\t\t\t\t\t\t\n\t\t\t\t\t\t<\/div>\n\n\t\t\t\t\t\t<div id=\"jltma-accordion-tab-content-3625\" class=\"jltma-accordion-tab-content\" data-tab=\"5\" role=\"tabpanel\" aria-labelledby=\"jltma-accordion-tab-title-3625\">\n\t\t\t\t\t\t\t<p class=\"p1\">Le r\u00e9tablissement peut varier d\u2019une personne \u00e0 l\u2019autre, mais en g\u00e9n\u00e9ral, la plupart des patients peuvent reprendre leurs activit\u00e9s normales quelques jours \u00e0 une semaine apr\u00e8s la proc\u00e9dure. Il n\u2019est pas n\u00e9cessaire de maintenir un repos absolu, bien qu\u2019il existe des recommandations posturales, de repos et d\u2019hygi\u00e8ne \u00e0 suivre dans les jours suivant la chirurgie. Dans les premiers jours, le lavage des cheveux est interdit et de petites cro\u00fbtes se forment sur la zone r\u00e9ceptrice, qui disparaissent g\u00e9n\u00e9ralement entre le septi\u00e8me et le dixi\u00e8me jour. Il est \u00e9galement important de maintenir un suivi m\u00e9dical r\u00e9gulier apr\u00e8s l\u2019intervention, afin d\u2019am\u00e9liorer les r\u00e9sultats.<\/p>\t\t\t\t\t\t<\/div>\n\n\t\t\t\t\t<\/div>\n\t\t\t\t\n\t\t\t\t\t<div class=\"jltma-accordion-item elementor-repeater-item-077294f \">\n\t\t\t\t\t\t<div id=\"jltma-accordion-tab-title-3626\" class=\"jltma-accordion-tab-title jltma-accordion-header\" tabindex=\"3626\" data-tab=\"6\" role=\"tab\" aria-controls=\"jltma-accordion-tab-content-3626\">\n\t\t\t\t\t\t\t<div class=\"jltma-accordion-title-icon\">\n\n\t\t\t\t\t\t\t\t\n\t\t\t\t\t\t\t\t<div class=\"jltma-accordion-title-text\">\n\t\t\t\t\t\t\t\t\tLa greffe de cheveux laisse-t-elle des cicatrices visibles?\t\t\t\t\t\t\t\t<\/div>\n\t\t\t\t\t\t\t<\/div>\n\n\t\t\t\t\t\t\t\t\t\t\t\t\t\t\t\t<span class=\"jltma-accordion-toggle-icon jltma-accordion-tab-icon\">\n\t\t\t\t\t\t\t\t\t\t<i aria-hidden=\"true\" class=\"jltma-el-accordion-icon-closed elementor-icons eicon-minus-square-o\"><\/i><i aria-hidden=\"true\" class=\"jltma-el-accordion-icon-opened elementor-icons eicon-plus-square-o\"><\/i>\t\t\t\t\t\t\t\t\t<\/span>\n\t\t\t\t\t\t\t\t\n\t\t\t\t\t\t<\/div>\n\n\t\t\t\t\t\t<div id=\"jltma-accordion-tab-content-3626\" class=\"jltma-accordion-tab-content\" data-tab=\"6\" role=\"tabpanel\" aria-labelledby=\"jltma-accordion-tab-title-3626\">\n\t\t\t\t\t\t\t<p class=\"p1\">La technique FUE ne laisse aucune cicatrice lin\u00e9aire visible. Les incisions pratiqu\u00e9es pendant la proc\u00e9dure sont tr\u00e8s petites et ne sont g\u00e9n\u00e9ralement pas perceptibles \u00e0 l\u2019\u0153il nu. Cela vous permet d\u2019obtenir des r\u00e9sultats naturels satisfaisants et que vous pouvez utiliser vos cheveux courts sans soucis.<\/p>\t\t\t\t\t\t<\/div>\n\n\t\t\t\t\t<\/div>\n\t\t\t\t\n\t\t\t\t\t<div class=\"jltma-accordion-item elementor-repeater-item-612a65c \">\n\t\t\t\t\t\t<div id=\"jltma-accordion-tab-title-3627\" class=\"jltma-accordion-tab-title jltma-accordion-header\" tabindex=\"3627\" data-tab=\"7\" role=\"tab\" aria-controls=\"jltma-accordion-tab-content-3627\">\n\t\t\t\t\t\t\t<div class=\"jltma-accordion-title-icon\">\n\n\t\t\t\t\t\t\t\t\n\t\t\t\t\t\t\t\t<div class=\"jltma-accordion-title-text\">\n\t\t\t\t\t\t\t\t\tLes cheveux transplant\u00e9s ont-ils l\u2019air naturel?\t\t\t\t\t\t\t\t<\/div>\n\t\t\t\t\t\t\t<\/div>\n\n\t\t\t\t\t\t\t\t\t\t\t\t\t\t\t\t<span class=\"jltma-accordion-toggle-icon jltma-accordion-tab-icon\">\n\t\t\t\t\t\t\t\t\t\t<i aria-hidden=\"true\" class=\"jltma-el-accordion-icon-closed elementor-icons eicon-minus-square-o\"><\/i><i aria-hidden=\"true\" class=\"jltma-el-accordion-icon-opened elementor-icons eicon-plus-square-o\"><\/i>\t\t\t\t\t\t\t\t\t<\/span>\n\t\t\t\t\t\t\t\t\n\t\t\t\t\t\t<\/div>\n\n\t\t\t\t\t\t<div id=\"jltma-accordion-tab-content-3627\" class=\"jltma-accordion-tab-content\" data-tab=\"7\" role=\"tabpanel\" aria-labelledby=\"jltma-accordion-tab-title-3627\">\n\t\t\t\t\t\t\t<p class=\"p1\">Oui, les cheveux transplant\u00e9s par la technique FUE produisent des r\u00e9sultats naturels. Les follicules pileux sont soigneusement s\u00e9lectionn\u00e9s et implant\u00e9s pour cr\u00e9er un motif de croissance des cheveux qui s\u2019harmonise avec leur apparence, en respectant les angulations des follicules et le naturel de la ligne frontale. Apr\u00e8s la p\u00e9riode initiale de croissance, les cheveux transplant\u00e9s auront la m\u00eame apparence et la m\u00eame texture que les cheveux indig\u00e8nes.<\/p>\t\t\t\t\t\t<\/div>\n\n\t\t\t\t\t<\/div>\n\t\t\t\t\n\t\t\t\t\t<div class=\"jltma-accordion-item elementor-repeater-item-3b36fb2 \">\n\t\t\t\t\t\t<div id=\"jltma-accordion-tab-title-3628\" class=\"jltma-accordion-tab-title jltma-accordion-header\" tabindex=\"3628\" data-tab=\"8\" role=\"tab\" aria-controls=\"jltma-accordion-tab-content-3628\">\n\t\t\t\t\t\t\t<div class=\"jltma-accordion-title-icon\">\n\n\t\t\t\t\t\t\t\t\n\t\t\t\t\t\t\t\t<div class=\"jltma-accordion-title-text\">\n\t\t\t\t\t\t\t\t\tLa greffe de cheveux est-elle permanente?\t\t\t\t\t\t\t\t<\/div>\n\t\t\t\t\t\t\t<\/div>\n\n\t\t\t\t\t\t\t\t\t\t\t\t\t\t\t\t<span class=\"jltma-accordion-toggle-icon jltma-accordion-tab-icon\">\n\t\t\t\t\t\t\t\t\t\t<i aria-hidden=\"true\" class=\"jltma-el-accordion-icon-closed elementor-icons eicon-minus-square-o\"><\/i><i aria-hidden=\"true\" class=\"jltma-el-accordion-icon-opened elementor-icons eicon-plus-square-o\"><\/i>\t\t\t\t\t\t\t\t\t<\/span>\n\t\t\t\t\t\t\t\t\n\t\t\t\t\t\t<\/div>\n\n\t\t\t\t\t\t<div id=\"jltma-accordion-tab-content-3628\" class=\"jltma-accordion-tab-content\" data-tab=\"8\" role=\"tabpanel\" aria-labelledby=\"jltma-accordion-tab-title-3628\">\n\t\t\t\t\t\t\t<p class=\"p1\">Oui, la greffe de cheveux est consid\u00e9r\u00e9e comme permanente. En effet, les follicules pileux transplant\u00e9s sont g\u00e9n\u00e9tiquement r\u00e9sistants \u00e0 la perte de cheveux, car ils proviennent de zones donneuses qui ne sont pas touch\u00e9es par l\u2019alop\u00e9cie. Ainsi, les cheveux transplant\u00e9s continueront \u00e0 pousser naturellement et durablement.<\/p>\t\t\t\t\t\t<\/div>\n\n\t\t\t\t\t<\/div>\n\t\t\t\t\n\t\t\t\t\t<div class=\"jltma-accordion-item elementor-repeater-item-554bdf7 \">\n\t\t\t\t\t\t<div id=\"jltma-accordion-tab-title-3629\" class=\"jltma-accordion-tab-title jltma-accordion-header\" tabindex=\"3629\" data-tab=\"9\" role=\"tab\" aria-controls=\"jltma-accordion-tab-content-3629\">\n\t\t\t\t\t\t\t<div class=\"jltma-accordion-title-icon\">\n\n\t\t\t\t\t\t\t\t\n\t\t\t\t\t\t\t\t<div class=\"jltma-accordion-title-text\">\n\t\t\t\t\t\t\t\t\tEst-il n\u00e9cessaire de se raser compl\u00e8tement les cheveux pour effectuer la greffe de cheveux?\t\t\t\t\t\t\t\t<\/div>\n\t\t\t\t\t\t\t<\/div>\n\n\t\t\t\t\t\t\t\t\t\t\t\t\t\t\t\t<span class=\"jltma-accordion-toggle-icon jltma-accordion-tab-icon\">\n\t\t\t\t\t\t\t\t\t\t<i aria-hidden=\"true\" class=\"jltma-el-accordion-icon-closed elementor-icons eicon-minus-square-o\"><\/i><i aria-hidden=\"true\" class=\"jltma-el-accordion-icon-opened elementor-icons eicon-plus-square-o\"><\/i>\t\t\t\t\t\t\t\t\t<\/span>\n\t\t\t\t\t\t\t\t\n\t\t\t\t\t\t<\/div>\n\n\t\t\t\t\t\t<div id=\"jltma-accordion-tab-content-3629\" class=\"jltma-accordion-tab-content\" data-tab=\"9\" role=\"tabpanel\" aria-labelledby=\"jltma-accordion-tab-title-3629\">\n\t\t\t\t\t\t\t<p class=\"p1\">Pas toujours. Dans la technique FUE, les follicules pileux sont extraits individuellement, ce qui vous permet de maintenir la longueur des cheveux existants dans la zone donneuse, en particulier dans les cas o\u00f9 le patient utilise des cheveux longs. Cependant, votre m\u00e9decin peut recommander une coupe de cheveux courte pour faciliter la proc\u00e9dure et assurer les meilleurs r\u00e9sultats.<\/p>\t\t\t\t\t\t<\/div>\n\n\t\t\t\t\t<\/div>\n\t\t\t\t\n\t\t\t\t\t<div class=\"jltma-accordion-item elementor-repeater-item-4bd36a4 \">\n\t\t\t\t\t\t<div id=\"jltma-accordion-tab-title-36210\" class=\"jltma-accordion-tab-title jltma-accordion-header\" tabindex=\"36210\" data-tab=\"10\" role=\"tab\" aria-controls=\"jltma-accordion-tab-content-36210\">\n\t\t\t\t\t\t\t<div class=\"jltma-accordion-title-icon\">\n\n\t\t\t\t\t\t\t\t\n\t\t\t\t\t\t\t\t<div class=\"jltma-accordion-title-text\">\n\t\t\t\t\t\t\t\t\tQuand remarquez-vous les premiers r\u00e9sultats de la greffe de cheveux?\t\t\t\t\t\t\t\t<\/div>\n\t\t\t\t\t\t\t<\/div>\n\n\t\t\t\t\t\t\t\t\t\t\t\t\t\t\t\t<span class=\"jltma-accordion-toggle-icon jltma-accordion-tab-icon\">\n\t\t\t\t\t\t\t\t\t\t<i aria-hidden=\"true\" class=\"jltma-el-accordion-icon-closed elementor-icons eicon-minus-square-o\"><\/i><i aria-hidden=\"true\" class=\"jltma-el-accordion-icon-opened elementor-icons eicon-plus-square-o\"><\/i>\t\t\t\t\t\t\t\t\t<\/span>\n\t\t\t\t\t\t\t\t\n\t\t\t\t\t\t<\/div>\n\n\t\t\t\t\t\t<div id=\"jltma-accordion-tab-content-36210\" class=\"jltma-accordion-tab-content\" data-tab=\"10\" role=\"tabpanel\" aria-labelledby=\"jltma-accordion-tab-title-36210\">\n\t\t\t\t\t\t\t<p class=\"p1\">Les premiers r\u00e9sultats de la greffe de cheveux peuvent varier d\u2019une personne \u00e0 l\u2019autre. Habituellement, environ 4 mois apr\u00e8s la chirurgie, les premiers r\u00e9sultats de la greffe de cheveux commencent \u00e0 appara\u00eetre. Cependant, il est important de garder \u00e0 l\u2019esprit que les cheveux transplant\u00e9s passent par une p\u00e9riode initiale de perte, connue sous le nom d\u2019effluvium t\u00e9log\u00e8ne . Apr\u00e8s cette p\u00e9riode, les cheveux commencent \u00e0 pousser progressivement et deviennent plus \u00e9pais avec le temps. Les r\u00e9sultats finaux peuvent \u00eatre appr\u00e9ci\u00e9s environ 12 \u00e0 18 mois apr\u00e8s la proc\u00e9dure.<\/p>\t\t\t\t\t\t<\/div>\n\n\t\t\t\t\t<\/div>\n\t\t\t\t\t\t\t<\/div>\n\t\t<\/div>\n\t\t\t\t<\/div>\n\t\t\t\t<\/div>\n\t\t\t\t\t<\/div>\n\t\t<\/div>\n\t\t\t\t\t<\/div><\/div>\r\n\t\t<\/main>\r\n\t\t\t\t<section class=\"has_ma_el_bg_slider elementor-section elementor-top-section elementor-element elementor-element-c65580b elementor-section-boxed elementor-section-height-default elementor-section-height-default jltma-glass-effect-no\" data-id=\"c65580b\" data-element_type=\"section\" data-settings=\"{&quot;background_background&quot;:&quot;classic&quot;}\">\r\n\t\t\t\t\t\t<div class=\"elementor-container elementor-column-gap-thegem\"><div class=\"elementor-row\">\r\n\t\t\t\t\t<div class=\"has_ma_el_bg_slider elementor-column elementor-col-100 elementor-top-column elementor-element elementor-element-b8000f2 jltma-glass-effect-no\" data-id=\"b8000f2\" data-element_type=\"column\">\n\t\t\t<div class=\"elementor-widget-wrap elementor-element-populated\">\n\t\t\t\t\t\t<div class=\"elementor-element elementor-element-f204c97 flex-horizontal-align-default flex-horizontal-align-tablet-default flex-horizontal-align-mobile-default flex-vertical-align-default flex-vertical-align-tablet-default flex-vertical-align-mobile-default jltma-glass-effect-no elementor-invisible elementor-widget elementor-widget-text-editor\" data-id=\"f204c97\" data-element_type=\"widget\" data-settings=\"{&quot;_animation&quot;:&quot;zoomIn&quot;}\" data-widget_type=\"text-editor.default\">\n\t\t\t\t<div class=\"elementor-widget-container\">\n\t\t\t\t\t\t\t\t\t\t\t\t<div class=\"elementor-text-editor elementor-clearfix\">\r\n\t\t\t\t\t\t<p>Avez-vous des questions?<\/p>\t\t\t\t\t\t\t<\/div>\r\n\t\t\t\t\t\t\t\t\t\t<\/div>\n\t\t\t\t<\/div>\n\t\t\t\t<div class=\"elementor-element elementor-element-2320c1e elementor-widget__width-initial flex-horizontal-align-default flex-horizontal-align-tablet-default flex-horizontal-align-mobile-default flex-vertical-align-default flex-vertical-align-tablet-default flex-vertical-align-mobile-default jltma-glass-effect-no elementor-invisible elementor-widget elementor-widget-text-editor\" data-id=\"2320c1e\" data-element_type=\"widget\" data-settings=\"{&quot;_animation&quot;:&quot;zoomIn&quot;}\" data-widget_type=\"text-editor.default\">\n\t\t\t\t<div class=\"elementor-widget-container\">\n\t\t\t\t\t\t\t\t\t\t\t\t<div class=\"elementor-text-editor elementor-clearfix\">\r\n\t\t\t\t\t\t<p>Renouvelez votre estime de soi avec des techniques innovantes, nous offrons des r\u00e9sultats naturels et durables<\/p>\t\t\t\t\t\t\t<\/div>\r\n\t\t\t\t\t\t\t\t\t\t<\/div>\n\t\t\t\t<\/div>\n\t\t\t\t<div class=\"elementor-element elementor-element-9fbf9ef flex-horizontal-align-default flex-horizontal-align-tablet-default flex-horizontal-align-mobile-default flex-vertical-align-default flex-vertical-align-tablet-default flex-vertical-align-mobile-default jltma-glass-effect-no elementor-invisible elementor-widget elementor-widget-thegem-contact-form7\" data-id=\"9fbf9ef\" data-element_type=\"widget\" data-settings=\"{&quot;thegem_elementor_preset&quot;:&quot;dark-simple&quot;,&quot;_animation&quot;:&quot;zoomIn&quot;}\" data-widget_type=\"thegem-contact-form7.default\">\n\t\t\t\t<div class=\"elementor-widget-container\">\n\t\t\t\t\t\n<div class=\"wpcf7 no-js\" id=\"wpcf7-f2953-o1\" lang=\"fr-FR\" dir=\"ltr\" data-wpcf7-id=\"2953\">\n<div class=\"screen-reader-response\"><p role=\"status\" aria-live=\"polite\" aria-atomic=\"true\"><\/p> <ul><\/ul><\/div>\n<form action=\"\/fr\/wp-json\/wp\/v2\/pages\/2758#wpcf7-f2953-o1\" method=\"post\" class=\"wpcf7-form init thegem-cf7 gem-contact-form-dark gem-contact-form-simple-line form-9fbf9ef label-top\" aria-label=\"Formulaire de contact\" novalidate=\"novalidate\" data-status=\"init\">\n<div style=\"display: none;\">\n<input type=\"hidden\" name=\"_wpcf7\" value=\"2953\" \/>\n<input type=\"hidden\" name=\"_wpcf7_version\" value=\"6.0.6\" \/>\n<input type=\"hidden\" name=\"_wpcf7_locale\" value=\"fr_FR\" \/>\n<input type=\"hidden\" name=\"_wpcf7_unit_tag\" value=\"wpcf7-f2953-o1\" \/>\n<input type=\"hidden\" name=\"_wpcf7_container_post\" value=\"0\" \/>\n<input type=\"hidden\" name=\"_wpcf7_posted_data_hash\" value=\"\" \/>\n<\/div>\n<div class=\"row medical-center\">\n\t<div class=\"col-lg-6 col-md-6 col-xs-12\"><span class=\"wpcf7-form-control-wrap\" data-name=\"your-name\"><input size=\"40\" maxlength=\"400\" class=\"wpcf7-form-control wpcf7-text wpcf7-validates-as-required\" aria-required=\"true\" aria-invalid=\"false\" placeholder=\"Nom*\" value=\"\" type=\"text\" name=\"your-name\" \/><\/span><\/div>\n\t<div class=\"col-lg-6 col-md-6 col-xs-12\"><span class=\"wpcf7-form-control-wrap\" data-name=\"your-email\"><input size=\"40\" maxlength=\"400\" class=\"wpcf7-form-control wpcf7-email wpcf7-validates-as-required wpcf7-text wpcf7-validates-as-email\" aria-required=\"true\" aria-invalid=\"false\" placeholder=\"Email*\" value=\"\" type=\"email\" name=\"your-email\" \/><\/span><\/div>\n\n<div class=\"col-lg-12 col-md-12 col-xs-12\"><span class=\"wpcf7-form-control-wrap\" data-name=\"yoursubject\"><input size=\"40\" maxlength=\"400\" class=\"wpcf7-form-control wpcf7-text wpcf7-validates-as-required\" aria-required=\"true\" aria-invalid=\"false\" placeholder=\"Objet\" value=\"\" type=\"text\" name=\"yoursubject\" \/><\/span><\/div>\n\t\n<div class=\"col-lg-12 col-md-12 col-xs-12\"><span class=\"wpcf7-form-control-wrap\" data-name=\"your-message\"><textarea cols=\"30\" rows=\"4\" maxlength=\"2000\" class=\"wpcf7-form-control wpcf7-textarea wpcf7-validates-as-required\" aria-required=\"true\" aria-invalid=\"false\" placeholder=\"Message\" name=\"your-message\"><\/textarea><\/span><\/div>\n\t<div class=\"col-lg-12 col-md-12 col-xs-12\"><div class=\"gem-button-container gem-button-position-center\"><input class=\"gem-button gem-button-size-medium gem-button-style-outline gem-button-text-weight-thin gem-button-border-1 wpcf7-form-control wpcf7-submit has-spinner gem-button-wpcf-custom\" style=\"border-radius: 0px;border-color: #00a4ef;color: #00a4ef;\" onmouseleave=\"this.style.borderColor='#00a4ef';this.style.backgroundColor='transparent';this.style.color='#00a4ef';\" onmouseenter=\"this.style.backgroundColor='#00a4ef';this.style.color='#fff';\" id=\"\" tabindex=\"\" type=\"submit\" value=\"Envoyer\" \/><\/div> <\/div>\n<\/div><div class=\"wpcf7-response-output\" aria-hidden=\"true\"><\/div>\n<\/form>\n<\/div>\n\t\t\t\t<\/div>\n\t\t\t\t<\/div>\n\t\t\t\t\t<\/div>\n\t\t<\/div>\n\t\t\t\t\t<\/div><\/div>\r\n\t\t<\/section>\r\n\t\t\t\t<\/div>\n\t\t","protected":false},"excerpt":{"rendered":"<p>Greffe de cheveux FUE Technique Dans les situations o\u00f9 l\u2019alop\u00e9cie devient irr\u00e9versible, seule la greffe de cheveux permet de restaurer&#8230;<\/p>\n","protected":false},"author":1,"featured_media":0,"parent":0,"menu_order":0,"comment_status":"closed","ping_status":"closed","template":"page-fullwidth.php","meta":{"inline_featured_image":false,"footnotes":""},"class_list":["post-2758","page","type-page","status-publish"],"yoast_head":"<!-- This site is optimized with the Yoast SEO plugin v24.9 - https:\/\/yoast.com\/wordpress\/plugins\/seo\/ -->\n<title>Greffe de cheveux - Capilart<\/title>\n<meta name=\"robots\" content=\"index, follow, max-snippet:-1, max-image-preview:large, max-video-preview:-1\" \/>\n<link rel=\"canonical\" href=\"https:\/\/capilart.pt\/transplante-capilar\/\" \/>\n<meta property=\"og:locale\" content=\"fr_FR\" \/>\n<meta property=\"og:type\" content=\"article\" \/>\n<meta property=\"og:title\" content=\"Greffe de cheveux - Capilart\" \/>\n<meta property=\"og:description\" content=\"Greffe de cheveux FUE Technique Dans les situations o\u00f9 l\u2019alop\u00e9cie devient irr\u00e9versible, seule la greffe de cheveux permet de restaurer...\" \/>\n<meta property=\"og:url\" content=\"https:\/\/capilart.pt\/transplante-capilar\/\" \/>\n<meta property=\"og:site_name\" content=\"Capilart\" \/>\n<meta property=\"article:modified_time\" content=\"2023-09-18T17:49:58+00:00\" \/>\n<meta property=\"og:image\" content=\"http:\/\/capilart.pt\/wp-content\/uploads\/2023\/06\/transplante.jpg\" \/>\n<meta name=\"twitter:card\" content=\"summary_large_image\" \/>\n<meta name=\"twitter:label1\" content=\"Dur\u00e9e de lecture estim\u00e9e\" \/>\n\t<meta name=\"twitter:data1\" content=\"7 minutes\" \/>\n<script type=\"application\/ld+json\" class=\"yoast-schema-graph\">{\"@context\":\"https:\/\/schema.org\",\"@graph\":[{\"@type\":\"WebPage\",\"@id\":\"https:\/\/capilart.pt\/transplante-capilar\/\",\"url\":\"https:\/\/capilart.pt\/transplante-capilar\/\",\"name\":\"Greffe de cheveux - Capilart\",\"isPartOf\":{\"@id\":\"https:\/\/indigo-manatee-815528.hostingersite.com\/#website\"},\"primaryImageOfPage\":{\"@id\":\"https:\/\/capilart.pt\/transplante-capilar\/#primaryimage\"},\"image\":{\"@id\":\"https:\/\/capilart.pt\/transplante-capilar\/#primaryimage\"},\"thumbnailUrl\":\"http:\/\/capilart.pt\/wp-content\/uploads\/2023\/06\/transplante.jpg\",\"datePublished\":\"2023-03-20T11:00:28+00:00\",\"dateModified\":\"2023-09-18T17:49:58+00:00\",\"breadcrumb\":{\"@id\":\"https:\/\/capilart.pt\/transplante-capilar\/#breadcrumb\"},\"inLanguage\":\"fr-FR\",\"potentialAction\":[{\"@type\":\"ReadAction\",\"target\":[\"https:\/\/capilart.pt\/transplante-capilar\/\"]}]},{\"@type\":\"ImageObject\",\"inLanguage\":\"fr-FR\",\"@id\":\"https:\/\/capilart.pt\/transplante-capilar\/#primaryimage\",\"url\":\"http:\/\/capilart.pt\/wp-content\/uploads\/2023\/06\/transplante.jpg\",\"contentUrl\":\"http:\/\/capilart.pt\/wp-content\/uploads\/2023\/06\/transplante.jpg\"},{\"@type\":\"BreadcrumbList\",\"@id\":\"https:\/\/capilart.pt\/transplante-capilar\/#breadcrumb\",\"itemListElement\":[{\"@type\":\"ListItem\",\"position\":1,\"name\":\"In\u00edcio\",\"item\":\"https:\/\/capilart.pt\/fr\/\"},{\"@type\":\"ListItem\",\"position\":2,\"name\":\"Greffe de cheveux\"}]},{\"@type\":\"WebSite\",\"@id\":\"https:\/\/indigo-manatee-815528.hostingersite.com\/#website\",\"url\":\"https:\/\/indigo-manatee-815528.hostingersite.com\/\",\"name\":\"Capilart\",\"description\":\"Especialistas em transplantes capilares\",\"potentialAction\":[{\"@type\":\"SearchAction\",\"target\":{\"@type\":\"EntryPoint\",\"urlTemplate\":\"https:\/\/indigo-manatee-815528.hostingersite.com\/?s={search_term_string}\"},\"query-input\":{\"@type\":\"PropertyValueSpecification\",\"valueRequired\":true,\"valueName\":\"search_term_string\"}}],\"inLanguage\":\"fr-FR\"}]}<\/script>\n<!-- \/ Yoast SEO plugin. -->","yoast_head_json":{"title":"Greffe de cheveux - Capilart","robots":{"index":"index","follow":"follow","max-snippet":"max-snippet:-1","max-image-preview":"max-image-preview:large","max-video-preview":"max-video-preview:-1"},"canonical":"https:\/\/capilart.pt\/transplante-capilar\/","og_locale":"fr_FR","og_type":"article","og_title":"Greffe de cheveux - Capilart","og_description":"Greffe de cheveux FUE Technique Dans les situations o\u00f9 l\u2019alop\u00e9cie devient irr\u00e9versible, seule la greffe de cheveux permet de restaurer...","og_url":"https:\/\/capilart.pt\/transplante-capilar\/","og_site_name":"Capilart","article_modified_time":"2023-09-18T17:49:58+00:00","og_image":[{"url":"http:\/\/capilart.pt\/wp-content\/uploads\/2023\/06\/transplante.jpg","type":"","width":"","height":""}],"twitter_card":"summary_large_image","twitter_misc":{"Dur\u00e9e de lecture estim\u00e9e":"7 minutes"},"schema":{"@context":"https:\/\/schema.org","@graph":[{"@type":"WebPage","@id":"https:\/\/capilart.pt\/transplante-capilar\/","url":"https:\/\/capilart.pt\/transplante-capilar\/","name":"Greffe de cheveux - Capilart","isPartOf":{"@id":"https:\/\/indigo-manatee-815528.hostingersite.com\/#website"},"primaryImageOfPage":{"@id":"https:\/\/capilart.pt\/transplante-capilar\/#primaryimage"},"image":{"@id":"https:\/\/capilart.pt\/transplante-capilar\/#primaryimage"},"thumbnailUrl":"http:\/\/capilart.pt\/wp-content\/uploads\/2023\/06\/transplante.jpg","datePublished":"2023-03-20T11:00:28+00:00","dateModified":"2023-09-18T17:49:58+00:00","breadcrumb":{"@id":"https:\/\/capilart.pt\/transplante-capilar\/#breadcrumb"},"inLanguage":"fr-FR","potentialAction":[{"@type":"ReadAction","target":["https:\/\/capilart.pt\/transplante-capilar\/"]}]},{"@type":"ImageObject","inLanguage":"fr-FR","@id":"https:\/\/capilart.pt\/transplante-capilar\/#primaryimage","url":"http:\/\/capilart.pt\/wp-content\/uploads\/2023\/06\/transplante.jpg","contentUrl":"http:\/\/capilart.pt\/wp-content\/uploads\/2023\/06\/transplante.jpg"},{"@type":"BreadcrumbList","@id":"https:\/\/capilart.pt\/transplante-capilar\/#breadcrumb","itemListElement":[{"@type":"ListItem","position":1,"name":"In\u00edcio","item":"https:\/\/capilart.pt\/fr\/"},{"@type":"ListItem","position":2,"name":"Greffe de cheveux"}]},{"@type":"WebSite","@id":"https:\/\/indigo-manatee-815528.hostingersite.com\/#website","url":"https:\/\/indigo-manatee-815528.hostingersite.com\/","name":"Capilart","description":"Especialistas em transplantes capilares","potentialAction":[{"@type":"SearchAction","target":{"@type":"EntryPoint","urlTemplate":"https:\/\/indigo-manatee-815528.hostingersite.com\/?s={search_term_string}"},"query-input":{"@type":"PropertyValueSpecification","valueRequired":true,"valueName":"search_term_string"}}],"inLanguage":"fr-FR"}]}},"_links":{"self":[{"href":"https:\/\/capilart.pt\/fr\/wp-json\/wp\/v2\/pages\/2758","targetHints":{"allow":["GET"]}}],"collection":[{"href":"https:\/\/capilart.pt\/fr\/wp-json\/wp\/v2\/pages"}],"about":[{"href":"https:\/\/capilart.pt\/fr\/wp-json\/wp\/v2\/types\/page"}],"author":[{"embeddable":true,"href":"https:\/\/capilart.pt\/fr\/wp-json\/wp\/v2\/users\/1"}],"replies":[{"embeddable":true,"href":"https:\/\/capilart.pt\/fr\/wp-json\/wp\/v2\/comments?post=2758"}],"version-history":[{"count":4,"href":"https:\/\/capilart.pt\/fr\/wp-json\/wp\/v2\/pages\/2758\/revisions"}],"predecessor-version":[{"id":2987,"href":"https:\/\/capilart.pt\/fr\/wp-json\/wp\/v2\/pages\/2758\/revisions\/2987"}],"wp:attachment":[{"href":"https:\/\/capilart.pt\/fr\/wp-json\/wp\/v2\/media?parent=2758"}],"curies":[{"name":"wp","href":"https:\/\/api.w.org\/{rel}","templated":true}]}}